{"id":1345,"date":"2021-02-15T09:19:13","date_gmt":"2021-02-15T08:19:13","guid":{"rendered":"http:\/\/bistrotdusommelier.eu\/bds\/?page_id=1345"},"modified":"2025-01-29T09:56:03","modified_gmt":"2025-01-29T08:56:03","slug":"le-sommelier","status":"publish","type":"page","link":"https:\/\/bistrotdusommelier.eu\/bds\/le-sommelier\/","title":{"rendered":"Philippe Faure-Brac, histoire d&rsquo;une passion&#8230;"},"content":{"rendered":"<p>[vc_row css=\u00a0\u00bb.vc_custom_1601305555063{margin-top: 0px !important;margin-bottom: 0px !important;padding-top: 5% !important;padding-bottom: 5% !important;}\u00a0\u00bb][vc_column width=\u00a0\u00bb1\/6&Prime; css=\u00a0\u00bb.vc_custom_1601305585151{margin-top: 0px !important;margin-bottom: 0px !important;}\u00a0\u00bb][\/vc_column][vc_column width=\u00a0\u00bb2\/3&Prime;]\n\t<div class=\"title-subtitle-box \" style=\" padding: 0px; margin-bottom:0px; text-align: center;\">\n\t\t<h3 style=\" color:#b1976d;  font-weight: normal;\" >Philippe Faure-Brac<br \/>\nMeilleur Sommelier du Monde 1992<br \/>\nM.O.F. Honoris Causa 2015<br \/>\nMeilleur Sommelier de France 1988<br \/>\nMeilleur Jeune Sommelier de France 1984<\/h3>\n\t<\/div> [\/vc_column][vc_column width=\u00a0\u00bb1\/6&Prime;][\/vc_column][\/vc_row][vc_row full_width=\u00a0\u00bbstretch_row\u00a0\u00bb equal_height=\u00a0\u00bbyes\u00a0\u00bb css=\u00a0\u00bb.vc_custom_1601311612991{margin-top: 0px !important;margin-bottom: 0px !important;padding-top: 20px !important;padding-bottom: 0px !important;background-color: #f1f1f1 !important;}\u00a0\u00bb][vc_column css=\u00a0\u00bb.vc_custom_1601305585151{margin-top: 0px !important;margin-bottom: 0px !important;}\u00a0\u00bb][vc_empty_space height=\u00a0\u00bb50&Prime;]\n\t<div class=\"title-subtitle-box \" style=\" padding: 0px; margin-bottom:0px; text-align: center;\">\n\t\t<p style=\" color:#000000; \">Sommelier, restaurateur, auteur, chroniqueur et formateur, portrait d\u2019un grand homme du vin qui est aussi le Pr\u00e9sident d'Honneur de l\u2019Union de la Sommellerie Fran\u00e7aise<\/p>\n\t<\/div> [vc_empty_space height=\u00a0\u00bb50&Prime;][\/vc_column][\/vc_row][vc_row full_width=\u00a0\u00bbstretch_row_content_no_spaces\u00a0\u00bb equal_height=\u00a0\u00bbyes\u00a0\u00bb content_placement=\u00a0\u00bbmiddle\u00a0\u00bb css=\u00a0\u00bb.vc_custom_1684751600422{margin-top: 0px !important;margin-bottom: 0px !important;border-top-width: 0px !important;border-bottom-width: 0px !important;padding-top: 0px !important;padding-bottom: 0px !important;}\u00a0\u00bb][vc_column css=\u00a0\u00bb.vc_custom_1602226469724{padding-top: 50px !important;padding-right: 115px !important;padding-bottom: 50px !important;padding-left: 115px !important;background-color: #121212 !important;}\u00a0\u00bb offset=\u00a0\u00bbvc_col-lg-6 vc_col-md-6&Prime;]\n\t<div class=\"title-subtitle-box \" style=\" margin-bottom:5px; text-align: left;\">\n\t\t<h3 style=\" color:#ffffff;  font-weight: normal;\" >Les Origines<\/h3>\n\t<\/div> [vc_column_text css=\u00a0\u00bb.vc_custom_1613377988808{margin-bottom: 20px !important;}\u00a0\u00bb]<\/p>\n<p style=\"text-align: justify;\"><span style=\"color: #ffffff;\">N\u00e9 \u00e0 Marseille en 1960, de famille originaire de Brian\u00e7on dans les Hautes-Alpes.<\/span><br \/>\n<span style=\"color: #ffffff;\">De culture proven\u00e7ale, c\u2019est en suivant ses \u00e9tudes de cuisinier dans les \u00e9coles h\u00f4teli\u00e8res de Sisteron (1976-78), Grenoble (1978-80) et de Nice (1980-82) qu\u2019il d\u00e9couvre sa passion pour le vin.<\/span><br \/>\n<span style=\"color: #ffffff;\">Il est d\u00e8s lors dans son \u00e9l\u00e9ment, apprend chaque jour l\u2019histoire de chaque r\u00e9gion, de chaque c\u00e9page, l\u2019art de d\u00e9guster et de parler du vin.<\/span><\/p>\n<p style=\"text-align: justify;\"><span style=\"color: #ffffff;\">PARIS\u2026<\/span><\/p>\n<p style=\"text-align: justify;\"><span style=\"color: #ffffff;\">Apr\u00e8s quelques exp\u00e9riences dans des restaurants parisiens, il d\u00e9cide de prendre son envol en mai 1984 en ouvrant, \u00e0 24 ans, le BISTROT DU SOMMELIER*.<\/span><br \/>\n<span style=\"color: #ffffff;\">D\u00e8s les premiers jours d\u2019ouverture, son restaurant a conquis les faveurs du public, Philippe FAURE-BRAC y accueille ses clients dans une atmosph\u00e8re chaleureuse, les conseille avec soin et veille \u00e0 l\u2019approvisionnement de la cave. C\u2019est un Restaurant \u00e0 vins, un lieu vou\u00e9 \u00e0 l\u2019harmonie des vins et des mets.<\/span><\/p>\n<p>[\/vc_column_text]\n\t<blockquote style=\"color: #ffffff;\" class=\"gg-vc-quote \">\n\tMeilleur Sommelier du Monde 1992\n\t<\/blockquote>[\/vc_column][vc_column css=\u00a0\u00bb.vc_custom_1684751558849{margin-top: 0px !important;margin-right: 0px !important;margin-bottom: 0px !important;margin-left: 0px !important;border-top-width: 0px !important;border-bottom-width: 0px !important;padding-top: 0px !important;padding-right: 0px !important;padding-bottom: 0px !important;padding-left: 0px !important;background-color: #121212 !important;}\u00a0\u00bb offset=\u00a0\u00bbvc_col-lg-6 vc_col-md-6&Prime;][vc_single_image image=\u00a0\u00bb1782&Prime; img_size=\u00a0\u00bbfull\u00a0\u00bb alignment=\u00a0\u00bbcenter\u00a0\u00bb css=\u00a0\u00bb.vc_custom_1684751929327{margin-top: 0px !important;margin-right: 0px !important;margin-bottom: 0px !important;margin-left: 0px !important;border-top-width: 0px !important;border-bottom-width: 0px !important;padding-top: 0px !important;padding-right: 0px !important;padding-bottom: 0px !important;padding-left: 0px !important;}\u00a0\u00bb][\/vc_column][\/vc_row][vc_row full_width=\u00a0\u00bbstretch_row_content_no_spaces\u00a0\u00bb equal_height=\u00a0\u00bbyes\u00a0\u00bb content_placement=\u00a0\u00bbmiddle\u00a0\u00bb css=\u00a0\u00bb.vc_custom_1458558211443{padding-top: 0px !important;padding-bottom: 0px !important;}\u00a0\u00bb][vc_column css=\u00a0\u00bb.vc_custom_1602226706874{padding-top: 50px !important;padding-right: 115px !important;padding-bottom: 50px !important;padding-left: 115px !important;background-color: #f1f1f1 !important;}\u00a0\u00bb offset=\u00a0\u00bbvc_col-lg-6 vc_col-md-6&Prime;]\n\t<div class=\"title-subtitle-box \" style=\" margin-bottom:5px; text-align: left;\">\n\t\t<h3 style=\" font-weight: normal;\" >De Rio \u00e0 la Sorbonne<\/h3>\n\t<\/div> [vc_column_text css=\u00a0\u00bb.vc_custom_1613378100736{margin-bottom: 90px !important;}\u00a0\u00bb]<\/p>\n<p style=\"text-align: justify;\">En 1992, son parcours professionnel, le porte pour la premi\u00e8re fois parmi les candidats s\u00e9lectionn\u00e9s pour repr\u00e9senter la France au concours mondial des sommeliers. En septembre \u00e0 RIO au Br\u00e9sil, devant 35 candidats, repr\u00e9sentant 20 pays, il remporte le premier prix : la MEDAILLE D\u2019OR DU VII\u00e8me Concours.<\/p>\n<p style=\"text-align: justify;\">En avril 2015, dans le grand amphith\u00e9\u00e2tre de le Sorbonne \u00e0 Paris, il re\u00e7oit la m\u00e9daille Honoris Causa du prestigieux concours MOF : Un des \u00ab Meilleurs Ouvriers de France \u00bb<\/p>\n<p style=\"text-align: justify;\">SOMMELIER DE LA TERRE AU CIEL\u2026sur le Concorde.<\/p>\n<p style=\"text-align: justify;\">Toujours tr\u00e8s pr\u00e9sent sur le terrain aupr\u00e8s des viticulteurs, Philippe FAURE-BRAC fut le sommelier du CONCORDE et s\u2019est occup\u00e9 de la s\u00e9lection des vins de 1998 \u00e0 mars 2005 de la cave volante de la compagnie a\u00e9rienne AIR FRANCE.<br \/>\nIl organise par ailleurs des soir\u00e9es d\u00e9gustations tant dans son restaurant que dans des sites ext\u00e9rieurs en France et dans le monde.<\/p>\n<p style=\"text-align: justify;\">EXPO MILANO 2015<\/p>\n<p style=\"text-align: justify;\">Alain Berger, Commissaire G\u00e9n\u00e9ral du Pavillon France, a confi\u00e9 \u00e0 Philippe Faure-Brac l\u2019\u00e9laboration des cartes des vins du restaurant le \u00ab Caf\u00e9 des Chefs \u00bb pour toute la dur\u00e9e de l\u2019Exposition Universelle de Milan 2015, qui se d\u00e9roule du 1er Mai au 31 octobre.<\/p>\n<p>[\/vc_column_text]\n\t<blockquote  class=\"gg-vc-quote \">\n\tUn des Meilleurs Ouvriers de France\n\t<\/blockquote>[\/vc_column][vc_column css=\u00a0\u00bb.vc_custom_1602226679437{padding-top: 50px !important;padding-right: 115px !important;padding-bottom: 50px !important;padding-left: 115px !important;background-color: #f1f1f1 !important;}\u00a0\u00bb offset=\u00a0\u00bbvc_col-lg-6 vc_col-md-6&Prime;]\n\t<div class=\"title-subtitle-box \" style=\" margin-bottom:20px; text-align: left;\">\n\t\t<h3 style=\" color:#000000;  font-weight: normal;\" >Les M\u00e9dias<\/h3>\n\t<\/div> [vc_column_text]<\/p>\n<p style=\"text-align: justify;\"><strong>T\u00e9l\u00e9vision :<\/strong><\/p>\n<ul style=\"text-align: justify;\">\n<li>De Mars 2008 \u00e0 septembre 2013, IN VINO BFM TV tous les week-ends ;<\/li>\n<li>Janvier 1999 \u00e0 Juin 1999, REGIONS chronique hebdomadaire \u00ab Saveurs \u00bb sur la cha\u00eene c\u00e2bl\u00e9e de FRANCE 3.<\/li>\n<li>Septembre 1996 \u00e0 juin 1998, FRANCE 2, chronique Vins et Mets le vendredi dans l\u2019\u00e9mission Les Beaux Matins avec Olivier Minne et Marie-Ange Nardi. (Chronique qui a remport\u00e9 le troph\u00e9e de Bronze au WORLD FOOD MEDIA AWARDS en Octobre 1997 \u00e0 Ad\u00e9la\u00efde en Australie).<\/li>\n<\/ul>\n<p style=\"text-align: justify;\"><strong>Radio :<\/strong><\/p>\n<ul style=\"text-align: justify;\">\n<li>Depuis Janvier 2017 : co-animateur, avec Alain Marty, chaque samedi et dimanche \u00e0 12h30 de l\u2019\u00e9mission : \u00ab IN VINO \u00bb sur SUD RADIO Radio ;<\/li>\n<li>Septembre 2004 \u00e0 janvier 2017 : chronique tous les samedis et dimanches \u00e0 dans l\u2019\u00e9mission pr\u00e9sent\u00e9e par Alain Marty : \u00ab IN VINO \u00bb sur la BFM Radio ;<\/li>\n<li>Octobre 1992 \u00e0 Juillet 1995 : EUROPE 1 chronique hebdomadaire sur les vins, dans l\u2019\u00e9mission de Jean Amadou et Maryse.<\/li>\n<\/ul>\n<p style=\"text-align: justify;\"><strong>Cin\u00e9ma :<\/strong><\/p>\n<ul style=\"text-align: justify;\">\n<li>En 2020, tournage du film \u00ab\u00a0Umami no tabi\u00a0\u00bb de Slony Sow, avec G\u00e9rard Depardieu, Antoine Dul\u00e9ry, Pierre Richard et Sandrine Bonnaire.<\/li>\n<li>En 2013, le Sang de la vigne (France T\u00e9l\u00e9vision) avec Pierre Arditi ou il joue un cuisinier-restaurateur de Strasbourg.<\/li>\n<li>En 1997, Nicole Garcia fait appel \u00e0 lui pour jouer aupr\u00e8s de Catherine Deneuve dans le film \u00ab Place Vend\u00f4me \u00bb.<\/li>\n<\/ul>\n<p style=\"text-align: justify;\"><strong>Presse Ecrite :<\/strong><\/p>\n<p style=\"text-align: justify;\">Il participe \u00e0 la r\u00e9daction de nombreux articles, L\u2019\u00c9picurien, Weva, apr\u00e8s avoir travaill\u00e9 de nombreuses ann\u00e9es pour \u00ab Cuisinez-Magazine \u00bb. II est membre du comit\u00e9 de d\u00e9gustation de \u00ab la Revue du Vin de France \u00bb.<\/p>\n<p>[\/vc_column_text][\/vc_column][\/vc_row][vc_row full_width=\u00a0\u00bbstretch_row_content_no_spaces\u00a0\u00bb equal_height=\u00a0\u00bbyes\u00a0\u00bb content_placement=\u00a0\u00bbmiddle\u00a0\u00bb css=\u00a0\u00bb.vc_custom_1458558211443{padding-top: 0px !important;padding-bottom: 0px !important;}\u00a0\u00bb][vc_column css=\u00a0\u00bb.vc_custom_1602227138686{margin-top: 0px !important;margin-right: 0px !important;margin-bottom: 0px !important;margin-left: 0px !important;padding-top: 0px !important;padding-right: 0px !important;padding-bottom: 0px !important;padding-left: 0px !important;background-color: #000000 !important;}\u00a0\u00bb offset=\u00a0\u00bbvc_col-lg-6 vc_col-md-6&Prime;][vc_single_image image=\u00a0\u00bb1282&Prime; img_size=\u00a0\u00bbfull\u00a0\u00bb css=\u00a0\u00bb.vc_custom_1613377136819{margin-top: 0px !important;margin-right: 0px !important;margin-bottom: 0px !important;margin-left: 0px !important;padding-top: 0px !important;padding-right: 0px !important;padding-bottom: 0px !important;padding-left: 0px !important;}\u00a0\u00bb][\/vc_column][vc_column css=\u00a0\u00bb.vc_custom_1602227523971{padding-top: 50px !important;padding-right: 115px !important;padding-bottom: 50px !important;padding-left: 115px !important;background-color: #000000 !important;}\u00a0\u00bb offset=\u00a0\u00bbvc_col-lg-6 vc_col-md-6&Prime;]\n\t<div class=\"title-subtitle-box \" style=\" margin-bottom:20px; text-align: left;\">\n\t\t<h2 style=\" color:#ffffff;  font-weight: normal;\" >Les ouvrages<\/h2>\n\t<\/div> [vc_column_text css=\u00a0\u00bb.vc_custom_1622216078437{margin-top: 0px !important;margin-bottom: 50px !important;}\u00a0\u00bb]<\/p>\n<h5><span style=\"color: #ffffff;\">E\/P\/A \u00e9ditions du Ch\u00eane Hachette-Livres<\/span><\/h5>\n<ul style=\"text-align: left; font-size: 14px; color: #ffffff;\">\n<li><span style=\"color: #ffffff;\">Accords Vins &amp; Mets (2020)<\/span><\/li>\n<li><span style=\"color: #ffffff;\">Tout sur le Vin (2012)<\/span><\/li>\n<li><span style=\"color: #ffffff;\">Le Carnet de D\u00e9gustation (2011)<\/span><\/li>\n<li><span style=\"color: #ffffff;\">Comment Faire sa Cave (2009)<\/span><\/li>\n<li><span style=\"color: #ffffff;\">Comment Go\u00fbter un Vin (2005)<\/span><\/li>\n<li><span style=\"color: #ffffff;\">Vins &amp; Mets du Monde (2003)<\/span><\/li>\n<li><span style=\"color: #ffffff;\">Saveurs Complices des Vins &amp; des Mets (2001)<\/span><\/li>\n<li><span style=\"color: #ffffff;\">Bordeaux Le Choix du Sommelier (2000)<\/span><\/li>\n<li><span style=\"color: #ffffff;\">Les Grands Vins du Si\u00e8cle (1999)<\/span><\/li>\n<li><span style=\"color: #ffffff;\">La Cave Id\u00e9ale (1998) <\/span><\/li>\n<li><span style=\"color: #ffffff;\">Le Livre de Cave (1998)<\/span><\/li>\n<\/ul>\n<h5><\/h5>\n<p>&nbsp;<\/p>\n<h5 style=\"text-align: left;\"><span style=\"color: #ffffff;\">Les jeux<\/span><\/h5>\n<ul style=\"text-align: left; font-size: 14px; color: #ffffff;\">\n<li><span style=\"color: #ffffff;\">600 questions sur le vin, de la culture de la vigne \u00e0 la d\u00e9gustation (2016)<\/span><\/li>\n<li><span style=\"color: #ffffff;\">VINITOUR, le jeu sur la route des vins de France (2014)<\/span><\/li>\n<\/ul>\n<div class=\"notranslate\" style=\"all: initial;\"><\/div>\n<div class=\"notranslate\" style=\"all: initial;\"><\/div>\n<p>[\/vc_column_text]\n\t<div class=\"title-subtitle-box \" style=\" margin-bottom:20px; text-align: left;\">\n\t\t<h3 style=\" color:#ffffff;  font-weight: normal;\" >Les engagements professionnels<\/h3>\n\t<\/div> [vc_column_text css=\u00a0\u00bb.vc_custom_1684744646835{margin-bottom: 0px !important;}\u00a0\u00bb]<\/p>\n<ul style=\"text-align: left; font-size: 14px; color: #ffffff;\">\n<li style=\"text-align: left; color: #ffffff;\"><span style=\"color: #ffffff;\">Pr\u00e9sident de l\u2019Union de la sommellerie fran\u00e7aise (U.D.S.F) de 2016 \u00e0 2023<\/span><\/li>\n<li style=\"text-align: left; color: #ffffff;\"><span style=\"color: #ffffff;\">Fondateur de la classe Sommellerie du concours \u00ab Un des Meilleurs Ouvriers de France \u00bb. Pr\u00e9sident depuis 2000<\/span><\/li>\n<li style=\"text-align: left; color: #ffffff;\"><span style=\"color: #ffffff;\">D\u00e9l\u00e9gu\u00e9 aupr\u00e8s de l\u2019Association de la Sommellerie Internationale depuis 2003, membre du bureau international depuis octobre 2004 et tr\u00e9sorier depuis 2007.<\/span><\/li>\n<li style=\"text-align: left; color: #ffffff;\"><span style=\"color: #ffffff;\">Membre du comit\u00e9 national de l\u2019I.N.A.O. de 1999 \u00e0 2004 et de 2007 \u00e0 2022<\/span><\/li>\n<li style=\"text-align: left; color: #ffffff;\"><span style=\"color: #ffffff;\">Pr\u00e9sident de l\u2019Association des Sommeliers de Paris-Ile de France de 1995 \u00e0 2003.<\/span><\/li>\n<\/ul>\n<p>[\/vc_column_text][\/vc_column][\/vc_row][vc_row full_width=\u00a0\u00bbstretch_row_content_no_spaces\u00a0\u00bb equal_height=\u00a0\u00bbyes\u00a0\u00bb content_placement=\u00a0\u00bbmiddle\u00a0\u00bb css=\u00a0\u00bb.vc_custom_1684752044484{margin-top: 0px !important;padding-top: 0px !important;padding-bottom: 0px !important;}\u00a0\u00bb][vc_column css=\u00a0\u00bb.vc_custom_1602227818436{padding-top: 50px !important;padding-right: 115px !important;padding-bottom: 50px !important;padding-left: 115px !important;}\u00a0\u00bb offset=\u00a0\u00bbvc_col-lg-6 vc_col-md-6&Prime;]\n\t<div class=\"title-subtitle-box \" style=\" margin-bottom:20px; text-align: left;\">\n\t\t<h3 style=\" font-weight: normal;\" >Les Distinctions<\/h3>\n\t<\/div> [vc_column_text css=\u00a0\u00bb.vc_custom_1738140961041{margin-top: 0px !important;margin-bottom: 20px !important;}\u00a0\u00bb]<\/p>\n<ul style=\"text-align: left; font-size: 14px; color: #000000;\">\n<li>Personnalit\u00e9 de l&rsquo;ann\u00e9e 2025 &#8211; Grand Prix de la revue des vins de France au titre de l&rsquo;UDSF (Union de la Sommellerie Fran\u00e7aise)<\/li>\n<li style=\"text-align: justify; color: #000000;\"><span style=\"color: #000000;\">Officier de l\u2019Ordre du M\u00e9rite Agricole 2018<\/span><\/li>\n<li><span style=\"color: #000000;\">M.O.F. 2015 Honoris Causa, Un des \u00ab Meilleurs Ouvriers de France \u00bb<\/span><\/li>\n<li style=\"text-align: justify; color: #000000;\"><span style=\"color: #000000;\">Chevalier de l\u2019Ordre National du M\u00e9rite 2005<\/span><\/li>\n<li style=\"text-align: justify; color: #000000;\"><span style=\"color: #000000;\">Chevalier de l\u2019Ordre du M\u00e9rite Agricole 1995<\/span><\/li>\n<li style=\"text-align: justify; color: #000000;\"><span style=\"color: #000000;\">Nef d\u2019Or de l\u2019Entreprise 1996 de la Chambre de Commerce de Paris<\/span><\/li>\n<li style=\"text-align: justify; color: #000000;\"><span style=\"color: #000000;\">Prix Mill\u00e9sime 2013 de la \u00ab For\u00eat des Livres Gonzague Saint Bris \u00bb<\/span><\/li>\n<li>Best Award of Excellence 2008 du Magazine Wine Spectator (USA)<\/li>\n<li style=\"text-align: justify; color: #000000;\"><span style=\"color: #000000;\">Gourmand World Cookbook Awards France &amp; Monde 2006 (P\u00e9kin avril 2007) <\/span><\/li>\n<li style=\"text-align: justify; color: #000000;\"><span style=\"color: #000000;\">Laur\u00e9at du Grand Prix de la Presse du Vin 2005 &amp; 2007<\/span><\/li>\n<li style=\"text-align: justify; color: #000000;\"><span style=\"color: #000000;\">Prix Edmond de Rothschild 2004 pour le livre Vins &amp; mets du Monde<\/span><\/li>\n<li style=\"text-align: justify; color: #000000;\"><span style=\"color: #000000;\">Prix International du Meilleur Livre du Vin 1999 Salon du Livre de P\u00e9rigueux<\/span><\/li>\n<li style=\"text-align: justify; color: #000000;\"><span style=\"color: #000000;\">Prix du Meilleur Livre de Cave 1999 Salon du livre et du vin de Saumur.<\/span><\/li>\n<li style=\"text-align: justify; color: #000000;\"><span style=\"color: #000000;\">Personnalit\u00e9 de l\u2019ann\u00e9e 1993 par le Guide Champ\u00e9rard<\/span><\/li>\n<li style=\"text-align: justify; color: #000000;\"><span style=\"color: #000000;\">Ma\u00eetre Sommelier de France U.D.S.F. Promotion 1992<\/span><\/li>\n<\/ul>\n<p>[\/vc_column_text]\n\t<div class=\"title-subtitle-box \" style=\" margin-bottom:20px; text-align: left;\">\n\t\t<h3 style=\" font-weight: normal;\" >Et Aussi...<\/h3>\n\t<\/div> [vc_column_text]<\/p>\n<ul style=\"font-size: 14px; color: #000000;\">\n<li style=\"text-align: justify; color: #000000;\"><span style=\"color: #000000;\">Participe \u00e0 l\u2019aventure de \u00abLA TELE QUI CHANTE \u00bb. Cr\u00e9\u00e9e en 2008 par G\u00e9rard Holtz et Christian Jasko, cette troupe de personnalit\u00e9 du petit \u00e9cran, a pour vocation de se produire sur sc\u00e8ne au profit d\u2019\u0153uvres caritatives. www.latelequichante.fr<\/span><\/li>\n<li style=\"text-align: justify; color: #000000;\"><span style=\"color: #000000;\">La com\u00e9die Fran\u00e7aise, en octobre 2011 &amp; septembre 2012, il s\u2019est produit sur la sc\u00e8ne du Studio th\u00e9\u00e2tre et du th\u00e9\u00e2tre \u00e9ph\u00e9m\u00e8re dans le cadre de la Lecture des Sens en duo avec Laurent Stocker et du d\u00eener de Don Juan.\u00a0<a style=\"color: #000000;\" href=\"http:\/\/www.comedie-francaise.fr\/spectacle-archive.php?s=7&amp;spid=341&amp;id=539\" target=\"_blank\" rel=\"noopener noreferrer\">http:\/\/www.comedie-francaise.fr\/spectacle-comedie-francaise<\/a><\/span><\/li>\n<\/ul>\n<p>[\/vc_column_text][\/vc_column][vc_column css=\u00a0\u00bb.vc_custom_1684752177098{margin-top: 0px !important;margin-right: 0px !important;margin-bottom: 0px !important;margin-left: 0px !important;border-top-width: 0px !important;border-right-width: 0px !important;border-bottom-width: 0px !important;border-left-width: 0px !important;padding-top: 0px !important;padding-right: 0px !important;padding-bottom: 0px !important;padding-left: 0px !important;background-color: #000000 !important;}\u00a0\u00bb offset=\u00a0\u00bbvc_col-lg-6 vc_col-md-6&Prime;][vc_single_image image=\u00a0\u00bb1315&Prime; img_size=\u00a0\u00bbfull\u00a0\u00bb alignment=\u00a0\u00bbcenter\u00a0\u00bb css=\u00a0\u00bb.vc_custom_1684752034959{margin-top: 0px !important;margin-right: 0px !important;margin-bottom: 0px !important;margin-left: 0px !important;border-top-width: 0px !important;border-right-width: 0px !important;border-bottom-width: 0px !important;border-left-width: 0px !important;padding-top: 0px !important;padding-right: 0px !important;padding-bottom: 0px !important;padding-left: 0px !important;}\u00a0\u00bb][\/vc_column][\/vc_row]<\/p>\n","protected":false},"excerpt":{"rendered":"<p>[vc_row css=\u00a0\u00bb.vc_custom_1601305555063{margin-top: 0px !important;margin-bottom: 0px !important;padding-top: 5% !important;padding-bottom: 5% !important;}\u00a0\u00bb][vc_column width=\u00a0\u00bb1\/6&Prime; css=\u00a0\u00bb.vc_custom_1601305585151{margin-top: 0px !important;margin-bottom: 0px !important;}\u00a0\u00bb][\/vc_column][vc_column width=\u00a0\u00bb2\/3&Prime;][\/vc_column][vc_column width=\u00a0\u00bb1\/6&Prime;][\/vc_column][\/vc_row][vc_row full_width=\u00a0\u00bbstretch_row\u00a0\u00bb equal_height=\u00a0\u00bbyes\u00a0\u00bb css=\u00a0\u00bb.vc_custom_1601311612991{margin-top: 0px !important;margin-bottom: 0px !important;padding-top: 20px !important;padding-bottom: 0px !important;background-color: #f1f1f1 !important;}\u00a0\u00bb][vc_column css=\u00a0\u00bb.vc_custom_1601305585151{margin-top: 0px !important;margin-bottom: 0px !important;}\u00a0\u00bb][vc_empty_space height=\u00a0\u00bb50&Prime;][vc_empty_space height=\u00a0\u00bb50&Prime;][\/vc_column][\/vc_row][vc_row full_width=\u00a0\u00bbstretch_row_content_no_spaces\u00a0\u00bb equal_height=\u00a0\u00bbyes\u00a0\u00bb content_placement=\u00a0\u00bbmiddle\u00a0\u00bb css=\u00a0\u00bb.vc_custom_1684751600422{margin-top: 0px !important;margin-bottom: 0px !important;border-top-width: 0px !important;border-bottom-width: 0px !important;padding-top: 0px !important;padding-bottom: 0px !important;}\u00a0\u00bb][vc_column css=\u00a0\u00bb.vc_custom_1602226469724{padding-top:<br class=\"read-more-spacer\"> <a class=\"more-link\" href=\"https:\/\/bistrotdusommelier.eu\/bds\/le-sommelier\/\">Read More<\/a><\/p>\n","protected":false},"author":1,"featured_media":0,"parent":0,"menu_order":0,"comment_status":"closed","ping_status":"closed","template":"","meta":{"footnotes":""},"class_list":["post-1345","page","type-page","status-publish","hentry"],"_links":{"self":[{"href":"https:\/\/bistrotdusommelier.eu\/bds\/wp-json\/wp\/v2\/pages\/1345","targetHints":{"allow":["GET"]}}],"collection":[{"href":"https:\/\/bistrotdusommelier.eu\/bds\/wp-json\/wp\/v2\/pages"}],"about":[{"href":"https:\/\/bistrotdusommelier.eu\/bds\/wp-json\/wp\/v2\/types\/page"}],"author":[{"embeddable":true,"href":"https:\/\/bistrotdusommelier.eu\/bds\/wp-json\/wp\/v2\/users\/1"}],"replies":[{"embeddable":true,"href":"https:\/\/bistrotdusommelier.eu\/bds\/wp-json\/wp\/v2\/comments?post=1345"}],"version-history":[{"count":42,"href":"https:\/\/bistrotdusommelier.eu\/bds\/wp-json\/wp\/v2\/pages\/1345\/revisions"}],"predecessor-version":[{"id":1938,"href":"https:\/\/bistrotdusommelier.eu\/bds\/wp-json\/wp\/v2\/pages\/1345\/revisions\/1938"}],"wp:attachment":[{"href":"https:\/\/bistrotdusommelier.eu\/bds\/wp-json\/wp\/v2\/media?parent=1345"}],"curies":[{"name":"wp","href":"https:\/\/api.w.org\/{rel}","templated":true}]}}